{"id":19,"date":"2023-04-14T19:11:28","date_gmt":"2023-04-14T19:11:28","guid":{"rendered":"https:\/\/www.frauenhaus-steyr.at\/wordpress\/?page_id=19"},"modified":"2023-11-01T08:48:54","modified_gmt":"2023-11-01T08:48:54","slug":"aktuelles","status":"publish","type":"page","link":"https:\/\/www.frauenhaus-steyr.at\/wordpress\/aktuelles\/","title":{"rendered":"Aktuelles"},"content":{"rendered":"<div class=\"wp-block-kadence-posts kb-posts kb-posts-id-_5de178-0b content-wrap grid-cols kb-posts-style-boxed grid-sm-col-2 grid-lg-col-3 item-image-style-above\"><article class=\"entry content-bg loop-entry post-2391 post type-post status-publish format-standard hentry category-aktuelles category-presse\">\n\t\t<div class=\"entry-content-wrap\">\n\t\t<header class=\"entry-header\">\n\t\t<div class=\"entry-taxonomies\">\n\t\t<span class=\"category-links term-links category-style-normal\">\n\t\t\t<a href=\"https:\/\/www.frauenhaus-steyr.at\/wordpress\/category\/aktuelles\/\" rel=\"category tag\">Aktuelles<\/a> | <a href=\"https:\/\/www.frauenhaus-steyr.at\/wordpress\/category\/presse\/\" rel=\"category tag\">Presse<\/a>\t\t<\/span>\n\t<\/div><!-- .entry-taxonomies -->\n\t<h5 class=\"entry-title\"><a href=\"https:\/\/www.frauenhaus-steyr.at\/wordpress\/2026\/04\/2026-frauenhaus-steyr-bittet-um-spenden-fuer-neue-kindersichere-ausstattung\/\" rel=\"bookmark\">2026 Frauenhaus Steyr bittet um Spenden f\u00fcr neue, kindersichere Ausstattung<\/a><\/h5><\/header><!-- .entry-header -->\n\t<div class=\"entry-summary\">\n\t\t<p>April 2026 STEYR. Seit 35 Jahren bietet das Frauenhaus Steyr Frauen und ihren Kindern, die von h\u00e4uslicher Gewalt betroffen sind, Schutz und Sicherheit. Nun steht ein wichtiger Schritt in die Zukunft bevor: Im Mai 2026 \u00fcbersiedelt das Frauenhaus in einen Neubau am Tabor. Mit dem neuen Haus soll insbesondere f\u00fcr die Kinder ein m\u00f6glichst gesch\u00fctzter, &hellip;<\/p>\n<p class=\"read-more\"> <a class=\"\" href=\"https:\/\/www.frauenhaus-steyr.at\/wordpress\/2026\/04\/2026-frauenhaus-steyr-bittet-um-spenden-fuer-neue-kindersichere-ausstattung\/\"> <span class=\"screen-reader-text\">2026 Frauenhaus Steyr bittet um Spenden f\u00fcr neue, kindersichere Ausstattung<\/span> Weiterlesen &raquo;<\/a><\/p>\n\t<\/div><!-- .entry-summary -->\n\t<footer class=\"entry-footer\">\n\t\t\t<div class=\"entry-actions\">\n\t\t\t<p class=\"more-link-wrap\">\n\t\t\t\t<a href=\"https:\/\/www.frauenhaus-steyr.at\/wordpress\/2026\/04\/2026-frauenhaus-steyr-bittet-um-spenden-fuer-neue-kindersichere-ausstattung\/\" class=\"post-more-link\">\n\t\t\t\t\tWeiterlesen<span class=\"screen-reader-text\"> 2026 Frauenhaus Steyr bittet um Spenden f\u00fcr neue, kindersichere Ausstattung<\/span><span class=\"kadence-svg-iconset svg-baseline\"><svg aria-hidden=\"true\" class=\"kadence-svg-icon kadence-arrow-right-alt-svg\" fill=\"currentColor\" version=\"1.1\" xmlns=\"http:\/\/www.w3.org\/2000\/svg\" width=\"27\" height=\"28\" viewBox=\"0 0 27 28\"><title>Continue<\/title><path d=\"M27 13.953c0 0.141-0.063 0.281-0.156 0.375l-6 5.531c-0.156 0.141-0.359 0.172-0.547 0.094-0.172-0.078-0.297-0.25-0.297-0.453v-3.5h-19.5c-0.281 0-0.5-0.219-0.5-0.5v-3c0-0.281 0.219-0.5 0.5-0.5h19.5v-3.5c0-0.203 0.109-0.375 0.297-0.453s0.391-0.047 0.547 0.078l6 5.469c0.094 0.094 0.156 0.219 0.156 0.359v0z\"><\/path>\n\t\t\t<\/svg><\/span>\t\t\t\t<\/a>\n\t\t\t<\/p>\n\t\t<\/div><!-- .entry-actions -->\n\t\t<\/footer><!-- .entry-footer -->\t<\/div>\n<\/article>\n<article class=\"entry content-bg loop-entry post-2388 post type-post status-publish format-standard hentry category-aktuelles category-presse\">\n\t\t<div class=\"entry-content-wrap\">\n\t\t<header class=\"entry-header\">\n\t\t<div class=\"entry-taxonomies\">\n\t\t<span class=\"category-links term-links category-style-normal\">\n\t\t\t<a href=\"https:\/\/www.frauenhaus-steyr.at\/wordpress\/category\/aktuelles\/\" rel=\"category tag\">Aktuelles<\/a> | <a href=\"https:\/\/www.frauenhaus-steyr.at\/wordpress\/category\/presse\/\" rel=\"category tag\">Presse<\/a>\t\t<\/span>\n\t<\/div><!-- .entry-taxonomies -->\n\t<h5 class=\"entry-title\"><a href=\"https:\/\/www.frauenhaus-steyr.at\/wordpress\/2026\/04\/2026-internationaler-frauentag-in-steyr\/\" rel=\"bookmark\">2026: Internationaler Frauentag in Steyr<\/a><\/h5><\/header><!-- .entry-header -->\n\t<div class=\"entry-summary\">\n\t\t<p>Februar 2026 \u201eB\u00fcndnis 8. M\u00e4rz\u201c l\u00e4dt zum Kinoabend am 4. M\u00e4rz Anl\u00e4sslich des Internationalen Frauentages organisiert das Steyrer \u201eB\u00fcndnis 8. M\u00e4rz\u201c eine Veranstaltung f\u00fcr und von Frauen. Sie laden am 4. M\u00e4rz zu einem Kinoabend im City Kino, bei dem um 19 Uhr der Film \u201eMorgen ist auch noch ein Tag\u201c gezeigt wird. Bereits ab &hellip;<\/p>\n<p class=\"read-more\"> <a class=\"\" href=\"https:\/\/www.frauenhaus-steyr.at\/wordpress\/2026\/04\/2026-internationaler-frauentag-in-steyr\/\"> <span class=\"screen-reader-text\">2026: Internationaler Frauentag in Steyr<\/span> Weiterlesen &raquo;<\/a><\/p>\n\t<\/div><!-- .entry-summary -->\n\t<footer class=\"entry-footer\">\n\t\t\t<div class=\"entry-actions\">\n\t\t\t<p class=\"more-link-wrap\">\n\t\t\t\t<a href=\"https:\/\/www.frauenhaus-steyr.at\/wordpress\/2026\/04\/2026-internationaler-frauentag-in-steyr\/\" class=\"post-more-link\">\n\t\t\t\t\tWeiterlesen<span class=\"screen-reader-text\"> 2026: Internationaler Frauentag in Steyr<\/span><span class=\"kadence-svg-iconset svg-baseline\"><svg aria-hidden=\"true\" class=\"kadence-svg-icon kadence-arrow-right-alt-svg\" fill=\"currentColor\" version=\"1.1\" xmlns=\"http:\/\/www.w3.org\/2000\/svg\" width=\"27\" height=\"28\" viewBox=\"0 0 27 28\"><title>Continue<\/title><path d=\"M27 13.953c0 0.141-0.063 0.281-0.156 0.375l-6 5.531c-0.156 0.141-0.359 0.172-0.547 0.094-0.172-0.078-0.297-0.25-0.297-0.453v-3.5h-19.5c-0.281 0-0.5-0.219-0.5-0.5v-3c0-0.281 0.219-0.5 0.5-0.5h19.5v-3.5c0-0.203 0.109-0.375 0.297-0.453s0.391-0.047 0.547 0.078l6 5.469c0.094 0.094 0.156 0.219 0.156 0.359v0z\"><\/path>\n\t\t\t<\/svg><\/span>\t\t\t\t<\/a>\n\t\t\t<\/p>\n\t\t<\/div><!-- .entry-actions -->\n\t\t<\/footer><!-- .entry-footer -->\t<\/div>\n<\/article>\n<article class=\"entry content-bg loop-entry post-2383 post type-post status-publish format-standard hentry category-aktuelles category-presse\">\n\t\t<div class=\"entry-content-wrap\">\n\t\t<header class=\"entry-header\">\n\t\t<div class=\"entry-taxonomies\">\n\t\t<span class=\"category-links term-links category-style-normal\">\n\t\t\t<a href=\"https:\/\/www.frauenhaus-steyr.at\/wordpress\/category\/aktuelles\/\" rel=\"category tag\">Aktuelles<\/a> | <a href=\"https:\/\/www.frauenhaus-steyr.at\/wordpress\/category\/presse\/\" rel=\"category tag\">Presse<\/a>\t\t<\/span>\n\t<\/div><!-- .entry-taxonomies -->\n\t<h5 class=\"entry-title\"><a href=\"https:\/\/www.frauenhaus-steyr.at\/wordpress\/2026\/04\/2026-ein-abend-voller-begegnung-austausch-und-inspiration\/\" rel=\"bookmark\">2026: Ein Abend voller Begegnung, Austausch und Inspiration<\/a><\/h5><\/header><!-- .entry-header -->\n\t<div class=\"entry-summary\">\n\t\t<p>Februar 2026 STEYR. Das Citykino in Steyr wird an diesem Abend zum Begegnungsraum: Ab 17 Uhr pr\u00e4sentieren alle B\u00fcndnispartnerinnen ihre Angebote und Aktivit\u00e4ten. Auch das Netzwerk Zukunftsregion Steyr ist beim Kinoabend des B\u00fcndnis 8. M\u00e4rz wieder mit einem Stand vertreten. Am Stand informiert das Team \u00fcber aktuelle Projekte und kommende Termine, insbesondere \u00fcber ein besonderes &hellip;<\/p>\n<p class=\"read-more\"> <a class=\"\" href=\"https:\/\/www.frauenhaus-steyr.at\/wordpress\/2026\/04\/2026-ein-abend-voller-begegnung-austausch-und-inspiration\/\"> <span class=\"screen-reader-text\">2026: Ein Abend voller Begegnung, Austausch und Inspiration<\/span> Weiterlesen &raquo;<\/a><\/p>\n\t<\/div><!-- .entry-summary -->\n\t<footer class=\"entry-footer\">\n\t\t\t<div class=\"entry-actions\">\n\t\t\t<p class=\"more-link-wrap\">\n\t\t\t\t<a href=\"https:\/\/www.frauenhaus-steyr.at\/wordpress\/2026\/04\/2026-ein-abend-voller-begegnung-austausch-und-inspiration\/\" class=\"post-more-link\">\n\t\t\t\t\tWeiterlesen<span class=\"screen-reader-text\"> 2026: Ein Abend voller Begegnung, Austausch und Inspiration<\/span><span class=\"kadence-svg-iconset svg-baseline\"><svg aria-hidden=\"true\" class=\"kadence-svg-icon kadence-arrow-right-alt-svg\" fill=\"currentColor\" version=\"1.1\" xmlns=\"http:\/\/www.w3.org\/2000\/svg\" width=\"27\" height=\"28\" viewBox=\"0 0 27 28\"><title>Continue<\/title><path d=\"M27 13.953c0 0.141-0.063 0.281-0.156 0.375l-6 5.531c-0.156 0.141-0.359 0.172-0.547 0.094-0.172-0.078-0.297-0.25-0.297-0.453v-3.5h-19.5c-0.281 0-0.5-0.219-0.5-0.5v-3c0-0.281 0.219-0.5 0.5-0.5h19.5v-3.5c0-0.203 0.109-0.375 0.297-0.453s0.391-0.047 0.547 0.078l6 5.469c0.094 0.094 0.156 0.219 0.156 0.359v0z\"><\/path>\n\t\t\t<\/svg><\/span>\t\t\t\t<\/a>\n\t\t\t<\/p>\n\t\t<\/div><!-- .entry-actions -->\n\t\t<\/footer><!-- .entry-footer -->\t<\/div>\n<\/article>\n<article class=\"entry content-bg loop-entry post-1409 post type-post status-publish format-standard hentry category-aktuelles\">\n\t\t<div class=\"entry-content-wrap\">\n\t\t<header class=\"entry-header\">\n\t\t<div class=\"entry-taxonomies\">\n\t\t<span class=\"category-links term-links category-style-normal\">\n\t\t\t<a href=\"https:\/\/www.frauenhaus-steyr.at\/wordpress\/category\/aktuelles\/\" rel=\"category tag\">Aktuelles<\/a>\t\t<\/span>\n\t<\/div><!-- .entry-taxonomies -->\n\t<h5 class=\"entry-title\"><a href=\"https:\/\/www.frauenhaus-steyr.at\/wordpress\/2023\/04\/rechtsberatung-fuer-frauen\/\" rel=\"bookmark\">Rechtsberatung f\u00fcr Frauen<\/a><\/h5><\/header><!-- .entry-header -->\n\t<div class=\"entry-summary\">\n\t\t<p>Eine Juristin informiert zu folgenden Themen Die Rechtsberatung ist kostenlos! Die Rechtsberatungstermine finden 14-t\u00e4gig jeweils am Dienstag von&nbsp;13:00 bis&nbsp;15:00 Uhr statt.Wir ersuchen um vorherige telefonische Terminvereinbarung &#8211; Tel. 07252 \/ 877 00.N\u00e4chste Termine \ufeff<\/p>\n\t<\/div><!-- .entry-summary -->\n\t<footer class=\"entry-footer\">\n\t\t\t<div class=\"entry-actions\">\n\t\t\t<p class=\"more-link-wrap\">\n\t\t\t\t<a href=\"https:\/\/www.frauenhaus-steyr.at\/wordpress\/2023\/04\/rechtsberatung-fuer-frauen\/\" class=\"post-more-link\">\n\t\t\t\t\tWeiterlesen<span class=\"screen-reader-text\"> Rechtsberatung f\u00fcr Frauen<\/span><span class=\"kadence-svg-iconset svg-baseline\"><svg aria-hidden=\"true\" class=\"kadence-svg-icon kadence-arrow-right-alt-svg\" fill=\"currentColor\" version=\"1.1\" xmlns=\"http:\/\/www.w3.org\/2000\/svg\" width=\"27\" height=\"28\" viewBox=\"0 0 27 28\"><title>Continue<\/title><path d=\"M27 13.953c0 0.141-0.063 0.281-0.156 0.375l-6 5.531c-0.156 0.141-0.359 0.172-0.547 0.094-0.172-0.078-0.297-0.25-0.297-0.453v-3.5h-19.5c-0.281 0-0.5-0.219-0.5-0.5v-3c0-0.281 0.219-0.5 0.5-0.5h19.5v-3.5c0-0.203 0.109-0.375 0.297-0.453s0.391-0.047 0.547 0.078l6 5.469c0.094 0.094 0.156 0.219 0.156 0.359v0z\"><\/path>\n\t\t\t<\/svg><\/span>\t\t\t\t<\/a>\n\t\t\t<\/p>\n\t\t<\/div><!-- .entry-actions -->\n\t\t<\/footer><!-- .entry-footer -->\t<\/div>\n<\/article>\n<\/div>","protected":false},"excerpt":{"rendered":"","protected":false},"author":3,"featured_media":0,"parent":0,"menu_order":0,"comment_status":"closed","ping_status":"closed","template":"","meta":{"advgb_blocks_editor_width":"","advgb_blocks_columns_visual_guide":"","_coblocks_attr":"","_coblocks_dimensions":"","_coblocks_responsive_height":"","_coblocks_accordion_ie_support":"","site-sidebar-layout":"default","site-content-layout":"default","ast-global-header-display":"","ast-main-header-display":"","ast-hfb-above-header-display":"","ast-hfb-below-header-display":"","ast-hfb-mobile-header-display":"","site-post-title":"","ast-breadcrumbs-content":"","ast-featured-img":"","footer-sml-layout":"","theme-transparent-header-meta":"","adv-header-id-meta":"","stick-header-meta":"","header-above-stick-meta":"","header-main-stick-meta":"","header-below-stick-meta":"","footnotes":""},"class_list":["post-19","page","type-page","status-publish","hentry"],"coauthors":[],"author_meta":{"author_link":"https:\/\/www.frauenhaus-steyr.at\/wordpress\/author\/frauenhaus\/","display_name":"Frauenhaus"},"relative_dates":{"created":"Posted 3\u00a0Jahren ago","modified":"Updated 2\u00a0Jahren ago"},"absolute_dates":{"created":"Posted on April 14, 2023","modified":"Updated on November 1, 2023"},"absolute_dates_time":{"created":"Posted on April 14, 2023 7:11 p.m.","modified":"Updated on November 1, 2023 8:48 a.m."},"featured_img_caption":"","featured_img":false,"series_order":"","_links":{"self":[{"href":"https:\/\/www.frauenhaus-steyr.at\/wordpress\/wp-json\/wp\/v2\/pages\/19","targetHints":{"allow":["GET"]}}],"collection":[{"href":"https:\/\/www.frauenhaus-steyr.at\/wordpress\/wp-json\/wp\/v2\/pages"}],"about":[{"href":"https:\/\/www.frauenhaus-steyr.at\/wordpress\/wp-json\/wp\/v2\/types\/page"}],"author":[{"embeddable":true,"href":"https:\/\/www.frauenhaus-steyr.at\/wordpress\/wp-json\/wp\/v2\/users\/3"}],"replies":[{"embeddable":true,"href":"https:\/\/www.frauenhaus-steyr.at\/wordpress\/wp-json\/wp\/v2\/comments?post=19"}],"version-history":[{"count":10,"href":"https:\/\/www.frauenhaus-steyr.at\/wordpress\/wp-json\/wp\/v2\/pages\/19\/revisions"}],"predecessor-version":[{"id":1913,"href":"https:\/\/www.frauenhaus-steyr.at\/wordpress\/wp-json\/wp\/v2\/pages\/19\/revisions\/1913"}],"wp:attachment":[{"href":"https:\/\/www.frauenhaus-steyr.at\/wordpress\/wp-json\/wp\/v2\/media?parent=19"}],"curies":[{"name":"wp","href":"https:\/\/api.w.org\/{rel}","templated":true}]}}